{"id":19,"date":"2019-09-05T09:37:25","date_gmt":"2019-09-05T09:37:25","guid":{"rendered":"http:\/\/sellaandre.com\/?p=19"},"modified":"2025-08-29T21:12:38","modified_gmt":"2025-08-29T18:12:38","slug":"contact-rates","status":"publish","type":"page","link":"https:\/\/sellaandre.com\/en\/contact-tarife\/","title":{"rendered":"Contact &amp; Rates"},"content":{"rendered":"<div>\n<h1>Orar<\/h1>\n<\/div>\n<ul>\n<li>\n<h3>Luni &#8211; Vineri<\/h3>\n<p>09:00 &#8211; 12:00 \u0219i 16:00 &#8211; 20:00<\/p>\n<\/li>\n<li>\n<h3>S\u00e2mb\u0103t\u0103<\/h3>\n<p>\u00eenchis<\/p>\n<\/li>\n<li>\n<h3>Duminic\u0103<\/h3>\n<p>\u00eenchis<\/p>\n<\/li>\n<\/ul>\n<hr>\n<ul>\n<li>\n<h3><strong>S<\/strong>ingle <strong>S<\/strong>ession <strong>T<\/strong>herapy<br \/> <strong>T<\/strong>erapia <\/span><span style=\"font-size:16px\">de <strong>S<\/strong>ingur\u0103<strong> S<\/strong>esiune<\/h3>\n<p>250 lei<\/p>\n<div>\u0219edin\u021ba de 60 minute<\/div>\n<\/li>\n<li>\n<h3>SUP Therapy  introductiv<\/h3>\n<p>250 lei<\/p>\n<div>\n<p>\u0219edin\u021ba de 2.5h<\/p>\n<\/div>\n<\/li>\n<li>\n<h3>SUP Therapy  standard<\/h3>\n<p>400 lei<\/p>\n<div>\n<p>\u0219edin\u021ba de 2.5h<\/p>\n<\/div>\n<\/li>\n<li>\n<h3>Cupluri<\/h3>\n<p>300 lei<\/p>\n<div>\u0219edin\u021ba de 75 minute<\/div>\n<\/li>\n<li>\n<h3>Adul\u021bi<\/h3>\n<p>250 lei<\/p>\n<div>\u0219edin\u021ba de 45 minute<\/div>\n<\/li>\n<li>\n<h3>Adolescen\u021bi <\/h3>\n<p>250 lei<\/p>\n<div>\u0219edin\u021ba de 45 minute<\/div>\n<\/li>\n<li>\n<h3>Evaluare psihologic\u0103 complex\u0103<\/h3>\n<p>350 lei<\/p>\n<div>computerizat\u0103<\/div>\n<\/li>\n<li>\n<h3>Grup de max. 6 persoane<\/h3>\n<p>150 lei\/pers.<\/p>\n<div>\u0219edin\u021ba de 120 minute<\/div>\n<\/li>\n<\/ul>\n<div>\n<div>+40 722 192 222<\/div>\n<p>Program\u0103ri:<\/p>\n<div>\n<p>Cabinet Individual de Psihologie SELLA ANDRE<\/p>\n<hr class=\"uk-margin-large-top uk-margin-large-bottom\" \/>\n<h2 class=\"uk-h4 uk-text-primary\">Dedicat s\u0103 v\u0103 ofer sprijinul necesar pentru a v\u0103 \u00eembun\u0103t\u0103\u021bi bun\u0103starea mental\u0103 \u0219i emo\u021bional\u0103.<\/h2>\n<\/div>\n<\/div>\n<p><img decoding=\"async\" src=\"\/wp-content\/uploads\/2023\/05\/cabinet-de-psihologie-01.jpg\" alt=\"Cabinet de psihologie Oradea\"><br \/>\n<img decoding=\"async\" src=\"\/wp-content\/uploads\/2023\/07\/100-01.png\" alt=\"\"><\/p>\n<h1>Garan\u021bia calit\u0103\u021bii serviciilor<\/h1>\n<h1>\n<p style=\"text-align: left;\">Dup\u0103 primele trei \u0219edin\u021be ave\u021bi posibilitatea de a solicita restituirea contravalorii acestora dac\u0103 sunte\u021bi nemul\u021bumi\u021bi de serviciile psihologice.<\/p>\n<\/h1>\n<div>\n<p>47.0652,21.9357<\/p>\n<h3>Cabinet Individual de Psihologie SELLA ANDRE<\/h3>\n<div>Parcul Pet\u0151fi S\u00e1ndor nr. 5, Oradea<\/div>\n<\/div>\n<ul>\n<li>\n<h2>Loca\u021bie<\/h2>\n<div>Parcul Pet\u0151fi S\u00e1ndor nr. 5, Oradea<br \/>\n<br \/>Bihor, Rom\u00e2nia\n<\/div>\n<\/li>\n<li>\n<h2>Acces<\/h2>\n<div>\n<p>Este chiar l\u00e2ng\u0103 parcul Pet\u0151fi S\u00e1ndor, cum se vine dinspre Calea Republicii pe partea dreapt\u0103.<\/p>\n<\/div>\n<\/li>\n<li>\n<h2>Contact<\/h2>\n<div>\n<p>Mobile: <a href=\"tel:+40 722 192 222\">+40 722 192 222 <\/a><br \/> Mail: <a href=\"mailto:terapie@sellaandre.com\">terapie@sellaandre.com<\/a>\u00a0<\/p>\n<p>\u00a0<\/p>\n<\/div>\n<\/li>\n<li>\n<h2>Social<\/h2>\n<div><a href=\"http:\/\/instagram.com\" target=\"_blank\">Instagram<\/a> <br \/>\n<a href=\"https:\/\/www.linkedin.com\/in\/andre-sella-407a96249\/\" target=\"_blank\">Linkedin<\/a> <br \/> <br \/>\n<a href=\"https:\/\/www.facebook.com\/psyche.logos.311\" target=\"_blank\">Facebook<\/a><\/div>\n<\/li>\n<\/ul>\n<p><!--more--><br \/>\n<!-- {\"type\":\"layout\",\"children\":[{\"type\":\"section\",\"props\":{\"header_transparent\":true,\"header_transparent_text_color\":\"light\",\"image_position\":\"center-center\",\"image_size\":\"cover\",\"media_visibility\":\"m\",\"padding\":\"large\",\"padding_remove_top\":false,\"style\":\"default\",\"title_breakpoint\":\"xl\",\"title_position\":\"top-left\",\"title_rotation\":\"left\",\"vertical_align\":\"\",\"width\":\"large\"},\"children\":[{\"type\":\"row\",\"children\":[{\"type\":\"column\",\"props\":{\"image_position\":\"center-center\",\"position_sticky_breakpoint\":\"m\",\"width_medium\":\"1-2\"},\"children\":[{\"type\":\"panel\",\"props\":{\"content\":\"\",\"content_column_breakpoint\":\"m\",\"content_style\":\"text-lead\",\"icon_width\":80,\"image_align\":\"top\",\"image_grid_breakpoint\":\"m\",\"image_grid_width\":\"1-2\",\"image_svg_color\":\"emphasis\",\"link_style\":\"default\",\"link_text\":\"Read more\",\"margin\":\"large\",\"maxwidth\":\"2xlarge\",\"maxwidth_breakpoint\":\"l\",\"meta_align\":\"below-title\",\"meta_element\":\"div\",\"meta_style\":\"text-meta\",\"text_align\":\"left\",\"text_align_breakpoint\":\"l\",\"text_align_fallback\":\"center\",\"title\":\"Orar\",\"title_align\":\"top\",\"title_element\":\"h1\",\"title_grid_breakpoint\":\"m\",\"title_grid_width\":\"1-2\",\"title_hover_style\":\"reset\",\"title_style\":\"heading-small\"}},{\"type\":\"description_list\",\"props\":{\"column_breakpoint\":\"m\",\"layout\":\"grid-2-m\",\"list_element\":\"ul\",\"list_size\":\"large\",\"margin\":\"medium\",\"maxwidth\":\"xlarge\",\"maxwidth_breakpoint\":\"l\",\"meta_align\":\"below-content\",\"meta_style\":\"h6\",\"show_content\":true,\"show_link\":true,\"show_meta\":true,\"show_title\":true,\"text_align\":\"left\",\"text_align_breakpoint\":\"l\",\"text_align_fallback\":\"center\",\"title_element\":\"div\",\"title_grid_breakpoint\":\"s\",\"title_grid_column_gap\":\"small\",\"title_grid_row_gap\":\"small\",\"title_grid_width\":\"medium\",\"title_leader\":false},\"children\":[{\"type\":\"description_list_item\",\"props\":{\"content\":\"\",\"meta\":\"09:00 - 12:00 \\u0219i 16:00 - 20:00\",\"title\":\"Luni - Vineri\"}},{\"type\":\"description_list_item\",\"props\":{\"content\":\"\",\"meta\":\"\\u00eenchis\",\"title\":\"S\\u00e2mb\\u0103t\\u0103\"}},{\"type\":\"description_list_item\",\"props\":{\"content\":\"\",\"meta\":\"\\u00eenchis\",\"title\":\"Duminic\\u0103\"}}]},{\"type\":\"html\",\"props\":{\"content\":\"\n\n<p><span style=\\\"font-size:22px\\\"><strong>S<\\\/strong>ingle <strong>S<\\\/strong>ession <strong>T<\\\/strong>herapy<br \\\/>\\n<strong>T<\\\/strong>erapia <\\\/span><span style=\\\"font-size:16px\\\">de o<\\\/span><span style=\\\"font-size:22px\\\"> <strong>S<\\\/strong>ingur\\u0103<strong> S<\\\/strong>esiune<br \\\/>\\n300 lei 60 minute<\\\/span><\\\/p>\",\"status\":\"disabled\"}},{\"type\":\"divider\",\"props\":{\"divider_element\":\"hr\",\"divider_style\":\"icon\"}},{\"type\":\"description_list\",\"props\":{\"block_align\":\"right\",\"block_align_breakpoint\":\"m\",\"block_align_fallback\":\"center\",\"column_breakpoint\":\"m\",\"layout\":\"grid-2-m\",\"list_element\":\"ul\",\"maxwidth\":\"2xlarge\",\"meta_align\":\"below-content\",\"meta_style\":\"h2\",\"show_content\":true,\"show_link\":true,\"show_meta\":true,\"show_title\":true,\"title_element\":\"h3\",\"title_grid_column_gap\":\"small\",\"title_grid_row_gap\":\"small\",\"title_grid_width\":\"expand\",\"title_leader\":true,\"title_style\":\"h5\"},\"children\":[{\"type\":\"description_list_item\",\"props\":{\"content\":\"\\u0219edin\\u021ba de 60 minute\",\"meta\":\"250 lei\",\"title\":\"<strong>S<\\\/strong>ingle <strong>S<\\\/strong>ession <strong>T<\\\/strong>herapy<br \\\/> <strong>T<\\\/strong>erapia <\\\/span><span style=\\\"font-size:16px\\\">de <strong>S<\\\/strong>ingur\\u0103<strong> S<\\\/strong>esiune\"}},{\"type\":\"description_list_item\",\"props\":{\"content\":\"\n\n<p>\\u0219edin\\u021ba de 2.5h<\\\/p>\",\"meta\":\"250 lei\",\"title\":\"SUP Therapy  introductiv\"}},{\"type\":\"description_list_item\",\"props\":{\"content\":\"\n\n<p>\\u0219edin\\u021ba de 2.5h<\\\/p>\",\"meta\":\"400 lei\",\"title\":\"SUP Therapy  standard\"}},{\"type\":\"description_list_item\",\"props\":{\"content\":\"\\u0219edin\\u021ba de 75 minute\",\"meta\":\"300 lei\",\"title\":\"Cupluri\"}},{\"type\":\"description_list_item\",\"props\":{\"content\":\"\\u0219edin\\u021ba de 45 minute\",\"meta\":\"250 lei\",\"title\":\"Adul\\u021bi\"}},{\"type\":\"description_list_item\",\"props\":{\"content\":\"\\u0219edin\\u021ba de 45 minute\",\"meta\":\"250 lei\",\"title\":\"Adolescen\\u021bi \"}},{\"type\":\"description_list_item\",\"props\":{\"content\":\"computerizat\\u0103\",\"meta\":\"350 lei\",\"title\":\"Evaluare psihologic\\u0103 complex\\u0103\"}},{\"type\":\"description_list_item\",\"props\":{\"content\":\"\\u0219edin\\u021ba de 120 minute\",\"meta\":\"150 lei\\\/pers.\",\"title\":\"Grup de max. 6 persoane\"}}]}]},{\"type\":\"column\",\"props\":{\"image_position\":\"center-center\",\"position_sticky_breakpoint\":\"m\",\"width_medium\":\"1-2\"},\"children\":[{\"type\":\"panel\",\"props\":{\"block_align\":\"right\",\"content\":\"\n\n<p>Cabinet Individual de Psihologie SELLA ANDRE<\\\/p>\\n\n\n<hr class=\\\"uk-margin-large-top uk-margin-large-bottom\\\" \\\/>\\n\n\n<h2 class=\\\"uk-h4 uk-text-primary\\\">Dedicat s\\u0103 v\\u0103 ofer sprijinul necesar pentru a v\\u0103 \\u00eembun\\u0103t\\u0103\\u021bi bun\\u0103starea mental\\u0103 \\u0219i emo\\u021bional\\u0103.<\\\/h2>\",\"content_column_breakpoint\":\"m\",\"icon_width\":80,\"image_align\":\"top\",\"image_grid_breakpoint\":\"m\",\"image_grid_width\":\"1-2\",\"image_svg_color\":\"emphasis\",\"link_style\":\"default\",\"link_text\":\"Read more\",\"margin\":\"default\",\"maxwidth\":\"xlarge\",\"maxwidth_breakpoint\":\"l\",\"meta\":\"Program\\u0103ri:\",\"meta_align\":\"above-title\",\"meta_element\":\"h2\",\"meta_style\":\"\",\"panel_padding\":\"large\",\"panel_style\":\"card-primary\",\"text_align\":\"left\",\"text_align_breakpoint\":\"l\",\"text_align_fallback\":\"center\",\"title\":\"+40 722 192 222\",\"title_align\":\"top\",\"title_element\":\"div\",\"title_grid_breakpoint\":\"m\",\"title_grid_width\":\"1-2\",\"title_hover_style\":\"reset\",\"title_style\":\"heading-small\"}},{\"type\":\"image\",\"props\":{\"image\":\"wp-content\\\/uploads\\\/2023\\\/05\\\/cabinet-de-psihologie-01.jpg\",\"image_alt\":\"Cabinet de psihologie Oradea\",\"image_box_decoration\":\"mask\",\"image_svg_color\":\"emphasis\",\"image_width\":380,\"margin\":\"default\",\"text_align\":\"center\"}}]}],\"props\":{\"layout\":\"1-2,1-2\"}}],\"name\":\"Hero\"},{\"type\":\"section\",\"props\":{\"image_position\":\"center-center\",\"padding_remove_top\":true,\"style\":\"default\",\"title_breakpoint\":\"xl\",\"title_position\":\"top-left\",\"title_rotation\":\"left\",\"vertical_align\":\"\",\"width\":\"large\"},\"children\":[{\"type\":\"row\",\"props\":{\"alignment\":\"left\",\"column_gap\":\"small\",\"layout\":\"1-4,3-4\"},\"children\":[{\"type\":\"column\",\"props\":{\"image_position\":\"center-center\",\"position_sticky_breakpoint\":\"m\",\"width_medium\":\"1-4\"},\"children\":[{\"name\":\"Image Border Circle\",\"type\":\"image\",\"props\":{\"image\":\"wp-content\\\/uploads\\\/2023\\\/07\\\/100-01.png\",\"image_border\":\"circle\",\"image_height\":\"200\",\"image_svg_color\":\"emphasis\",\"image_width\":\"200\",\"margin\":\"\"}}]},{\"type\":\"column\",\"props\":{\"image_position\":\"center-center\",\"position_sticky_breakpoint\":\"m\",\"vertical_align\":\"middle\",\"width_medium\":\"3-4\"},\"children\":[{\"type\":\"headline\",\"props\":{\"content\":\"Garan\\u021bia calit\\u0103\\u021bii serviciilor\",\"maxwidth\":\"xlarge\",\"text_align\":\"center\",\"title_decoration\":\"line\",\"title_element\":\"h1\",\"title_style\":\"h3\"},\"name\":\"Garan\\u021bia calit\\u0103\\u021bii serviciilor\"},{\"type\":\"headline\",\"props\":{\"content\":\"\n\n<p style=\\\"text-align: left;\\\">Dup\\u0103 primele trei \\u0219edin\\u021be ave\\u021bi posibilitatea de a solicita restituirea contravalorii acestora dac\\u0103 sunte\\u021bi nemul\\u021bumi\\u021bi de serviciile psihologice.<\\\/p>\",\"margin\":\"default\",\"maxwidth\":\"2xlarge\",\"text_align\":\"center\",\"title_color\":\"secondary\",\"title_element\":\"h1\",\"title_style\":\"text-lead\"}}]}]}],\"name\":\"100\"},{\"name\":\"Findus\",\"type\":\"section\",\"props\":{\"animation\":\"fade\",\"image\":\"wp-content\\\/uploads\\\/contact-map-bg.svg\",\"image_effect\":\"parallax\",\"image_loading\":true,\"image_parallax_bgy\":\"-10,90\",\"image_parallax_breakpoint\":\"m\",\"image_parallax_easing\":\"1\",\"image_position\":\"top-center\",\"media_visibility\":\"l\",\"padding\":\"large\",\"style\":\"default\",\"title_breakpoint\":\"xl\",\"title_position\":\"top-left\",\"title_rotation\":\"left\",\"vertical_align\":\"\",\"width\":\"xlarge\"},\"children\":[{\"type\":\"row\",\"children\":[{\"type\":\"column\",\"props\":{\"image_position\":\"center-center\",\"position_sticky_breakpoint\":\"m\",\"width_medium\":\"1-1\"},\"children\":[{\"type\":\"map\",\"props\":{\"controls\":false,\"dragging\":false,\"height\":\"490\",\"image_svg_color\":\"emphasis\",\"link_style\":\"default\",\"link_text\":\"Read more\",\"margin\":\"default\",\"max_zoom\":18,\"meta_align\":\"below-title\",\"meta_element\":\"div\",\"meta_style\":\"text-meta\",\"min_zoom\":0,\"poi\":false,\"show_content\":true,\"show_image\":true,\"show_link\":true,\"show_meta\":true,\"show_title\":true,\"styler_gamma\":1.1,\"styler_invert_lightness\":true,\"styler_lightness\":-11,\"styler_saturation\":-100,\"title_element\":\"h3\",\"title_hover_style\":\"reset\",\"type\":\"roadmap\",\"zoom\":\"15\",\"zooming\":false},\"children\":[{\"type\":\"map_item\",\"props\":{\"content\":\"Parcul Pet\\u0151fi S\\u00e1ndor nr. 5, Oradea\",\"hide\":false,\"location\":\"47.0652,21.9357\",\"show_popup\":false,\"title\":\"Cabinet Individual de Psihologie SELLA ANDRE\"}}]}]}]},{\"type\":\"row\",\"props\":{\"margin\":\"large\",\"width\":\"large\"},\"children\":[{\"type\":\"column\",\"props\":{\"image_position\":\"center-center\",\"position_sticky_breakpoint\":\"m\",\"width_medium\":\"1-1\"},\"children\":[{\"type\":\"grid\",\"props\":{\"content_column_breakpoint\":\"m\",\"filter_align\":\"left\",\"filter_all\":true,\"filter_grid_breakpoint\":\"m\",\"filter_grid_width\":\"auto\",\"filter_position\":\"top\",\"filter_style\":\"tab\",\"grid_default\":\"1\",\"grid_medium\":\"4\",\"grid_small\":\"2\",\"icon_width\":80,\"image_align\":\"top\",\"image_grid_breakpoint\":\"m\",\"image_grid_width\":\"1-2\",\"image_svg_color\":\"emphasis\",\"item_animation\":true,\"lightbox_bg_close\":true,\"link_style\":\"default\",\"link_text\":\"Read more\",\"margin\":\"\",\"meta_align\":\"below-title\",\"meta_element\":\"div\",\"meta_style\":\"text-meta\",\"parallax_easing\":\"1\",\"show_content\":true,\"show_hover_image\":true,\"show_hover_video\":true,\"show_image\":true,\"show_link\":true,\"show_meta\":true,\"show_title\":true,\"show_video\":true,\"text_align\":\"left\",\"text_align_breakpoint\":\"m\",\"text_align_fallback\":\"center\",\"title_align\":\"top\",\"title_element\":\"h2\",\"title_grid_breakpoint\":\"m\",\"title_grid_width\":\"1-2\",\"title_hover_style\":\"reset\",\"title_style\":\"h4\"},\"children\":[{\"type\":\"grid_item\",\"props\":{\"content\":\"Parcul Pet\\u0151fi S\\u00e1ndor nr. 5, Oradea\\n<br \/>Bihor, Rom\\u00e2nia\\n\",\"title\":\"Loca\\u021bie\"}},{\"type\":\"grid_item\",\"props\":{\"content\":\"\n\n<p>Este chiar l\\u00e2ng\\u0103 parcul Pet\\u0151fi S\\u00e1ndor, cum se vine dinspre Calea Republicii pe partea dreapt\\u0103.<\\\/p>\",\"title\":\"Acces\"}},{\"type\":\"grid_item\",\"props\":{\"content\":\"\n\n<p>Mobile: <a href=\\\"tel:+40 722 192 222\\\">+40 722 192 222 <\\\/a><br \\\/> Mail: <a href=\\\"mailto:terapie@sellaandre.com\\\">terapie@sellaandre.com<\\\/a>\\u00a0<\\\/p>\\n\n\n<p>\\u00a0<\\\/p>\",\"title\":\"Contact\"}},{\"type\":\"grid_item\",\"props\":{\"content\":\"<a href=\\\"http:\\\/\\\/instagram.com\\\" target=\\\"_blank\\\">Instagram<\\\/a> <br \/>\\n<a href=\\\"https:\\\/\\\/www.linkedin.com\\\/in\\\/andre-sella-407a96249\\\/\\\" target=\\\"_blank\\\">Linkedin<\\\/a> <br \/> \\n<a href=\\\"https:\\\/\\\/www.facebook.com\\\/psyche.logos.311\\\" target=\\\"_blank\\\">Facebook<\\\/a>\",\"title\":\"Social\"}}]}]}]}]}],\"version\":\"4.5.25\",\"yooessentialsVersion\":\"2.2.11\"} --><\/p>\n","protected":false},"excerpt":{"rendered":"<p>Orar Luni &#8211; Vineri 09:00 &#8211; 12:00 \u0219i 16:00 &#8211; 20:00 S\u00e2mb\u0103t\u0103 \u00eenchis Duminic\u0103 \u00eenchis Single Session Therapy Terapia de Singur\u0103 Sesiune 250 lei \u0219edin\u021ba de 60 minute SUP Therapy introductiv 250 lei \u0219edin\u021ba de 2.5h SUP Therapy standard 400 lei \u0219edin\u021ba de 2.5h Cupluri 300 lei \u0219edin\u021ba de 75 minute Adul\u021bi 250 lei \u0219edin\u021ba [&hellip;]<\/p>\n","protected":false},"author":2,"featured_media":0,"parent":0,"menu_order":3,"comment_status":"open","ping_status":"closed","template":"","meta":{"_acf_changed":false,"footnotes":""},"class_list":["post-19","page","type-page","status-publish","hentry"],"acf":[],"aioseo_notices":[],"jetpack_sharing_enabled":true,"jetpack_likes_enabled":false,"_links":{"self":[{"href":"https:\/\/sellaandre.com\/en\/wp-json\/wp\/v2\/pages\/19","targetHints":{"allow":["GET"]}}],"collection":[{"href":"https:\/\/sellaandre.com\/en\/wp-json\/wp\/v2\/pages"}],"about":[{"href":"https:\/\/sellaandre.com\/en\/wp-json\/wp\/v2\/types\/page"}],"author":[{"embeddable":true,"href":"https:\/\/sellaandre.com\/en\/wp-json\/wp\/v2\/users\/2"}],"replies":[{"embeddable":true,"href":"https:\/\/sellaandre.com\/en\/wp-json\/wp\/v2\/comments?post=19"}],"version-history":[{"count":3,"href":"https:\/\/sellaandre.com\/en\/wp-json\/wp\/v2\/pages\/19\/revisions"}],"predecessor-version":[{"id":1841,"href":"https:\/\/sellaandre.com\/en\/wp-json\/wp\/v2\/pages\/19\/revisions\/1841"}],"wp:attachment":[{"href":"https:\/\/sellaandre.com\/en\/wp-json\/wp\/v2\/media?parent=19"}],"curies":[{"name":"wp","href":"https:\/\/api.w.org\/{rel}","templated":true}]}}